{"id":293,"date":"2021-04-17T03:38:09","date_gmt":"2021-04-17T08:38:09","guid":{"rendered":"https:\/\/iglesiajesucristosano.org\/educacionyempleo\/colombia\/?page_id=293"},"modified":"2023-11-14T15:10:50","modified_gmt":"2023-11-14T20:10:50","slug":"inicio-002","status":"publish","type":"page","link":"https:\/\/iglesiajesucristosano.org\/educacionyempleo\/colombia\/","title":{"rendered":"Inicio 002"},"content":{"rendered":"<p>[et_pb_section fb_built=\u00bb1&#8243; _builder_version=\u00bb4.9.4&#8243; _module_preset=\u00bbdefault\u00bb background_color=\u00bb#f8f9fa\u00bb custom_margin=\u00bb||||false|false\u00bb custom_padding=\u00bb10px||10px||false|false\u00bb bottom_divider_height=\u00bb200px\u00bb bottom_divider_repeat=\u00bb1.2x\u00bb][et_pb_row _builder_version=\u00bb4.9.4&#8243; _module_preset=\u00bbdefault\u00bb max_width=\u00bb1200px\u00bb custom_padding=\u00bb0px||14px||false|false\u00bb][et_pb_column type=\u00bb4_4&#8243; _builder_version=\u00bb4.9.4&#8243; _module_preset=\u00bbdefault\u00bb][et_pb_text _builder_version=\u00bb4.9.4&#8243; _module_preset=\u00bbdefault\u00bb text_font=\u00bbPT Sans||||||||\u00bb text_text_color=\u00bb#007aff\u00bb text_font_size=\u00bb18px\u00bb text_orientation=\u00bbcenter\u00bb text_orientation_tablet=\u00bbcenter\u00bb text_orientation_phone=\u00bb\u00bb text_orientation_last_edited=\u00bbon|phone\u00bb]\u00a1Contamos con m\u00e1s de <span style=\"font-weight:bold\">278<\/span> recursos disponibles para ti![\/et_pb_text][\/et_pb_column][\/et_pb_row][et_pb_row _builder_version=\u00bb4.9.4&#8243; _module_preset=\u00bbdefault\u00bb max_width=\u00bb1600px\u00bb][et_pb_column type=\u00bb4_4&#8243; _builder_version=\u00bb4.9.4&#8243; _module_preset=\u00bbdefault\u00bb][et_pb_slider use_bg_overlay=\u00bbon\u00bb bg_overlay_color=\u00bbrgba(58,58,58,0.52)\u00bb use_text_overlay=\u00bboff\u00bb _builder_version=\u00bb4.9.4&#8243; _module_preset=\u00bbdefault\u00bb header_font=\u00bbPlayfair Display||||||||\u00bb header_text_color=\u00bb#000000&#8243; body_font=\u00bbPlayfair Display||||||||\u00bb body_font_size=\u00bb16px\u00bb body_letter_spacing=\u00bb2px\u00bb auto=\u00bbon\u00bb border_radii=\u00bbon|8px|8px|8px|8px\u00bb box_shadow_style=\u00bbpreset3&#8243; box_shadow_spread=\u00bb1px\u00bb][et_pb_slide heading=\u00bbEd\u00facate y progresa\u00bb use_bg_overlay=\u00bbon\u00bb use_text_overlay=\u00bboff\u00bb _builder_version=\u00bb4.9.4&#8243; _module_preset=\u00bbdefault\u00bb header_font=\u00bb|700|||||||\u00bb header_text_color=\u00bb#FFFFFF\u00bb background_enable_color=\u00bboff\u00bb background_image=\u00bbhttps:\/\/iglesiajesucristosano.org\/educacionyempleo\/colombia\/wp-content\/uploads\/2021\/06\/educate-web.jpg\u00bb background_enable_image=\u00bbon\u00bb custom_padding=\u00bb240px||240px||true|false\u00bb sticky_transition=\u00bbon\u00bb]<\/p>\n<p>\u201cLa educaci\u00f3n es una de las adquisiciones m\u00e1s importantes de la vida; Tu formaci\u00f3n debe incluir el aprendizaje espiritual\u201d<\/p>\n<p>[\/et_pb_slide][et_pb_slide heading=\u00bbEncuentra tu pr\u00f3ximo empleo\u00bb use_bg_overlay=\u00bbon\u00bb use_text_overlay=\u00bboff\u00bb _builder_version=\u00bb4.9.4&#8243; _module_preset=\u00bbdefault\u00bb header_font=\u00bb|700|||||||\u00bb header_text_color=\u00bb#FFFFFF\u00bb background_enable_color=\u00bboff\u00bb background_image=\u00bbhttps:\/\/iglesiajesucristosano.org\/educacionyempleo\/colombia\/wp-content\/uploads\/2021\/06\/empleo-web.jpg\u00bb background_enable_image=\u00bbon\u00bb custom_padding=\u00bb240px||240px||true|false\u00bb sticky_transition=\u00bbon\u00bb]<\/p>\n<p>\u00a1Cu\u00e1nto admiro a los hombres, las mujeres y los ni\u00f1os que saben trabajar! \u00a1Cu\u00e1nto ama el Se\u00f1or al trabajador! \u00c9l dijo: \u201ccon el sudor de tu rostro comer\u00e1s el pan\u201d, y \u201c\u2026el obrero es digno de su salario\u201d. Dieter F. Uchtdorf<\/p>\n<p>[\/et_pb_slide][et_pb_slide heading=\u00bb\u00bfEst\u00e1s listo para emprender?\u00bb use_bg_overlay=\u00bbon\u00bb use_text_overlay=\u00bboff\u00bb _builder_version=\u00bb4.9.4&#8243; _module_preset=\u00bbdefault\u00bb header_font=\u00bb|700|||||||\u00bb header_text_color=\u00bb#FFFFFF\u00bb background_enable_color=\u00bboff\u00bb background_image=\u00bbhttps:\/\/iglesiajesucristosano.org\/educacionyempleo\/colombia\/wp-content\/uploads\/2021\/06\/emprendedor-web.jpg\u00bb background_enable_image=\u00bbon\u00bb custom_padding=\u00bb240px||240px||true|false\u00bb sticky_transition=\u00bbon\u00bb]<\/p>\n<p><span>Y es mi prop\u00f3sito abastecer a mis santos, porque todas las cosas son m\u00edas. DyC 104:15<\/span><\/p>\n<p>[\/et_pb_slide][\/et_pb_slider][\/et_pb_column][\/et_pb_row][\/et_pb_section][et_pb_section fb_built=\u00bb1&#8243; prev_background_color=\u00bb#f8f9fa\u00bb admin_label=\u00bbHow it Works\u00bb _builder_version=\u00bb4.9.4&#8243; custom_padding=\u00bb80px||||false|false\u00bb top_divider_style=\u00bbwave\u00bb top_divider_height=\u00bb200px\u00bb top_divider_repeat=\u00bb1.2x\u00bb bottom_divider_height=\u00bb200px\u00bb bottom_divider_repeat=\u00bb1.2x\u00bb bottom_divider_style_last_edited=\u00bboff|desktop\u00bb][et_pb_row column_structure=\u00bb1_3,1_3,1_3&#8243; use_custom_gutter=\u00bbon\u00bb gutter_width=\u00bb1&#8243; _builder_version=\u00bb4.9.4&#8243; background_color=\u00bb#ffffff\u00bb transform_scale_tablet=\u00bb\u00bb transform_scale_phone=\u00bb\u00bb transform_scale_last_edited=\u00bbon|phone\u00bb transform_translate=\u00bb0px|50%\u00bb transform_translate_tablet=\u00bb0px|0%\u00bb transform_translate_phone=\u00bb\u00bb transform_translate_last_edited=\u00bbon|phone\u00bb transform_translate_linked=\u00bboff\u00bb transform_rotate_tablet=\u00bb\u00bb transform_rotate_phone=\u00bb\u00bb transform_rotate_last_edited=\u00bbon|phone\u00bb transform_skew_tablet=\u00bb\u00bb transform_skew_phone=\u00bb\u00bb transform_skew_last_edited=\u00bbon|phone\u00bb transform_origin_tablet=\u00bb\u00bb transform_origin_phone=\u00bb\u00bb transform_origin_last_edited=\u00bbon|phone\u00bb transform_styles_last_edited=\u00bbon|phone\u00bb z_index=\u00bb11&#8243; max_width=\u00bb1450px\u00bb overflow-x=\u00bbvisible\u00bb overflow-y=\u00bbvisible\u00bb custom_margin=\u00bb||||false|false\u00bb custom_padding=\u00bb8px|8px|8px|8px|true|true\u00bb transform_styles_tablet=\u00bb\u00bb transform_styles_phone=\u00bb\u00bb border_radii=\u00bbon|60px|60px|60px|60px\u00bb border_radii_tablet=\u00bbon|30px|30px|30px|30px\u00bb border_radii_phone=\u00bb\u00bb border_radii_last_edited=\u00bbon|desktop\u00bb box_shadow_style=\u00bbpreset1&#8243; box_shadow_color=\u00bbrgba(12,113,195,0.13)\u00bb][et_pb_column type=\u00bb1_3&#8243; _builder_version=\u00bb4.0.8&#8243;][et_pb_text _builder_version=\u00bb4.9.4&#8243; _module_preset=\u00bbdefault\u00bb text_font=\u00bbPT Sans|700||on|||||\u00bb text_text_color=\u00bb#007aff\u00bb text_font_size=\u00bb20px\u00bb text_letter_spacing=\u00bb2px\u00bb text_orientation=\u00bbcenter\u00bb custom_padding=\u00bb20px||20px||true|false\u00bb link_option_url=\u00bbhttps:\/\/iglesiajesucristosano.org\/educacionyempleo\/colombia\/recursos_de_educacio\/\u00bb]<\/p>\n<p><span class=\"dashicons dashicons-welcome-learn-more\" style=\"font-size: 42px; width: 40px; margin-top: -10px;\"><\/span> Educaci\u00f3n<\/p>\n<p>[\/et_pb_text][\/et_pb_column][et_pb_column type=\u00bb1_3&#8243; _builder_version=\u00bb4.0.8&#8243;][\/et_pb_column][et_pb_column type=\u00bb1_3&#8243; _builder_version=\u00bb4.0.8&#8243;][et_pb_text _builder_version=\u00bb4.9.4&#8243; _module_preset=\u00bbdefault\u00bb text_font=\u00bbPT Sans|700||on|||||\u00bb text_text_color=\u00bb#007aff\u00bb text_font_size=\u00bb20px\u00bb text_letter_spacing=\u00bb2px\u00bb text_orientation=\u00bbcenter\u00bb custom_padding=\u00bb20px||20px||true|false\u00bb link_option_url=\u00bbhttps:\/\/iglesiajesucristosano.org\/educacionyempleo\/colombia\/recursos_de_emprendi\/\u00bb]<\/p>\n<p><span class=\"dashicons dashicons-lightbulb\" style=\"font-size: 42px; width: 40px; margin-top: -10px;\"><\/span> Emprendimiento<\/p>\n<p>[\/et_pb_text][\/et_pb_column][\/et_pb_row][et_pb_row custom_padding_last_edited=\u00bbon|phone\u00bb _builder_version=\u00bb4.9.4&#8243; background_enable_color=\u00bboff\u00bb max_width=\u00bb1450px\u00bb custom_padding=\u00bb120px|40px|30px|40px|false|true\u00bb custom_padding_tablet=\u00bb|30px||30px|false|true\u00bb custom_padding_phone=\u00bb|20px||20px|false|true\u00bb border_radii=\u00bbon|10px|10px|10px|10px\u00bb][et_pb_column type=\u00bb4_4&#8243; _builder_version=\u00bb4.0.8&#8243;][et_pb_text _builder_version=\u00bb4.9.4&#8243; header_2_font=\u00bbPlayfair Display|700|||||||\u00bb header_2_text_align=\u00bbcenter\u00bb header_2_font_size=\u00bb62px\u00bb header_2_line_height=\u00bb1.3em\u00bb header_text_align_tablet=\u00bbcenter\u00bb header_text_align_last_edited=\u00bboff|desktop\u00bb header_2_font_size_tablet=\u00bb32px\u00bb header_2_font_size_phone=\u00bb24px\u00bb header_2_font_size_last_edited=\u00bbon|phone\u00bb]<\/p>\n<h2>Impulsa tu carrera profesional<\/h2>\n<p>[\/et_pb_text][\/et_pb_column][\/et_pb_row][et_pb_row column_structure=\u00bb1_3,1_3,1_3&#8243; _builder_version=\u00bb4.9.4&#8243; background_enable_color=\u00bboff\u00bb max_width=\u00bb1450px\u00bb custom_margin=\u00bb||||false|false\u00bb custom_padding=\u00bb||0px||false|false\u00bb locked=\u00bboff\u00bb][et_pb_column type=\u00bb1_3&#8243; _builder_version=\u00bb4.3.2&#8243; background_color=\u00bb#ffffff\u00bb background_image=\u00bbhttps:\/\/iglesiajesucristosano.org\/educacionyempleo\/colombia\/wp-content\/uploads\/2021\/04\/tutor-08.png\u00bb background_size=\u00bbinitial\u00bb background_position=\u00bbtop_right\u00bb custom_padding=\u00bb60px|30px|60px|30px|true|true\u00bb custom_padding_tablet=\u00bb30px||30px||true|true\u00bb custom_padding_phone=\u00bb|20px||20px|true|true\u00bb custom_padding_last_edited=\u00bbon|phone\u00bb border_radii=\u00bbon|15px|15px|15px|15px\u00bb box_shadow_style=\u00bbpreset1&#8243; box_shadow_color=\u00bbrgba(12,113,195,0.13)\u00bb][et_pb_blurb title=\u00bbBuenas ideas para mejorar tu CV\u00bb image=\u00bbhttps:\/\/iglesiajesucristosano.org\/educacionyempleo\/colombia\/wp-content\/uploads\/2022\/03\/CV3.jpg\u00bb image_max_width=\u00bb200px\u00bb _builder_version=\u00bb4.9.4&#8243; header_font=\u00bbPT Sans|700|||||||\u00bb header_text_align=\u00bbcenter\u00bb header_text_color=\u00bb#2a3749&#8243; header_font_size=\u00bb24px\u00bb header_line_height=\u00bb1.7em\u00bb body_font=\u00bbPT Sans||||||||\u00bb body_text_align=\u00bbcenter\u00bb body_font_size=\u00bb16px\u00bb custom_padding_tablet=\u00bb50px||50px||true|false\u00bb custom_padding_phone=\u00bb10px||10px||true|false\u00bb custom_padding_last_edited=\u00bboff|tablet\u00bb animation=\u00bboff\u00bb]<\/p>\n<p>Cree su hoja de vida de una manera f\u00e1cil y sencilla<\/p>\n<p>[\/et_pb_blurb][et_pb_button button_url=\u00bbhttps:\/\/www.mejorartucv.com\/\u00bb button_text=\u00bbVer m\u00e1s\u00bb button_alignment=\u00bbcenter\u00bb _builder_version=\u00bb4.9.4&#8243; custom_button=\u00bbon\u00bb button_text_size=\u00bb16px\u00bb button_text_color=\u00bb#ffffff\u00bb button_bg_color=\u00bb#007aff\u00bb button_border_width=\u00bb0px\u00bb button_border_radius=\u00bb100px\u00bb button_letter_spacing=\u00bb2px\u00bb button_font=\u00bbPT Sans|900||on|||||\u00bb button_use_icon=\u00bboff\u00bb custom_margin_tablet=\u00bb40px||40px||true|false\u00bb custom_margin_last_edited=\u00bboff|tablet\u00bb custom_padding=\u00bb10px|20px|10px|20px|true|true\u00bb box_shadow_style=\u00bbpreset3&#8243; box_shadow_blur=\u00bb28px\u00bb box_shadow_spread=\u00bb-10px\u00bb box_shadow_color=\u00bbrgba(0,122,255,0.33)\u00bb locked=\u00bboff\u00bb box_shadow_color__hover=\u00bb#2585b2&#8243; box_shadow_blur__hover_enabled=\u00bboff\u00bb box_shadow_blur__hover=\u00bb20px\u00bb box_shadow_vertical__hover_enabled=\u00bboff\u00bb box_shadow_vertical__hover=\u00bb10px\u00bb][\/et_pb_button][\/et_pb_column][et_pb_column type=\u00bb1_3&#8243; _builder_version=\u00bb4.3.2&#8243; background_color=\u00bb#ffffff\u00bb background_image=\u00bbhttps:\/\/iglesiajesucristosano.org\/educacionyempleo\/colombia\/wp-content\/uploads\/2021\/04\/tutor-08.png\u00bb background_size=\u00bbinitial\u00bb background_position=\u00bbtop_right\u00bb custom_padding=\u00bb60px|30px|60px|30px|true|true\u00bb custom_padding_tablet=\u00bb30px||30px||true|true\u00bb custom_padding_phone=\u00bb|20px||20px|true|true\u00bb custom_padding_last_edited=\u00bbon|phone\u00bb border_radii=\u00bbon|15px|15px|15px|15px\u00bb box_shadow_style=\u00bbpreset1&#8243; box_shadow_color=\u00bbrgba(12,113,195,0.13)\u00bb][et_pb_blurb title=\u00bbMejorar aptitudes\u00bb image=\u00bbhttps:\/\/iglesiajesucristosano.org\/educacionyempleo\/colombia\/wp-content\/uploads\/2022\/03\/aptitudes1.jpg\u00bb image_max_width=\u00bb200px\u00bb _builder_version=\u00bb4.9.4&#8243; header_font=\u00bbPT Sans|700|||||||\u00bb header_text_align=\u00bbcenter\u00bb header_text_color=\u00bb#2a3749&#8243; header_font_size=\u00bb24px\u00bb header_line_height=\u00bb1.7em\u00bb body_font=\u00bbPT Sans||||||||\u00bb body_text_align=\u00bbcenter\u00bb body_font_size=\u00bb16px\u00bb custom_margin=\u00bb-26px|||||\u00bb custom_padding=\u00bb0px|||||\u00bb animation=\u00bboff\u00bb]<\/p>\n<p>Mejora tus habilidades para poder encontrar un empleo adecuado a ti<\/p>\n<p>[\/et_pb_blurb][et_pb_button button_url=\u00bbhttps:\/\/lab.foxize.com\/test\/test-de-habilidades-profesionales-107-59&#8243; button_text=\u00bbVer m\u00e1s\u00bb button_alignment=\u00bbcenter\u00bb _builder_version=\u00bb4.9.4&#8243; custom_button=\u00bbon\u00bb button_text_size=\u00bb16px\u00bb button_text_color=\u00bb#ffffff\u00bb button_bg_color=\u00bb#007aff\u00bb button_border_width=\u00bb0px\u00bb button_border_radius=\u00bb100px\u00bb button_letter_spacing=\u00bb2px\u00bb button_font=\u00bbPT Sans|900||on|||||\u00bb button_use_icon=\u00bboff\u00bb custom_margin_tablet=\u00bb40px||40px||true|false\u00bb custom_margin_last_edited=\u00bboff|tablet\u00bb custom_padding=\u00bb10px|20px|10px|20px|true|true\u00bb hover_enabled=\u00bb0&#8243; box_shadow_style=\u00bbpreset3&#8243; box_shadow_blur=\u00bb28px\u00bb box_shadow_spread=\u00bb-10px\u00bb box_shadow_color=\u00bbrgba(0,122,255,0.33)\u00bb locked=\u00bboff\u00bb box_shadow_color__hover=\u00bb#2585b2&#8243; box_shadow_blur__hover_enabled=\u00bboff\u00bb box_shadow_blur__hover=\u00bb20px\u00bb box_shadow_vertical__hover_enabled=\u00bboff\u00bb box_shadow_vertical__hover=\u00bb10px\u00bb sticky_enabled=\u00bb0&#8243;][\/et_pb_button][\/et_pb_column][et_pb_column type=\u00bb1_3&#8243; _builder_version=\u00bb4.3.2&#8243; background_color=\u00bb#ffffff\u00bb background_image=\u00bbhttps:\/\/iglesiajesucristosano.org\/educacionyempleo\/colombia\/wp-content\/uploads\/2021\/04\/tutor-08.png\u00bb background_size=\u00bbinitial\u00bb background_position=\u00bbtop_right\u00bb custom_padding=\u00bb60px|30px|60px|30px|true|true\u00bb custom_padding_tablet=\u00bb30px||30px||true|true\u00bb custom_padding_phone=\u00bb|20px||20px|true|true\u00bb custom_padding_last_edited=\u00bbon|phone\u00bb border_radii=\u00bbon|15px|15px|15px|15px\u00bb box_shadow_style=\u00bbpreset1&#8243; box_shadow_color=\u00bbrgba(12,113,195,0.13)\u00bb][et_pb_blurb title=\u00bb\u00bfBuscas un pr\u00e9stamo o beca? \u00bb image=\u00bbhttps:\/\/iglesiajesucristosano.org\/educacionyempleo\/colombia\/wp-content\/uploads\/2022\/03\/Becas1.jpg\u00bb image_max_width=\u00bb200px\u00bb _builder_version=\u00bb4.9.4&#8243; header_font=\u00bbPT Sans|700|||||||\u00bb header_text_align=\u00bbcenter\u00bb header_text_color=\u00bb#2a3749&#8243; header_font_size=\u00bb24px\u00bb header_line_height=\u00bb1.7em\u00bb body_font=\u00bbPT Sans||||||||\u00bb body_text_align=\u00bbcenter\u00bb body_font_size=\u00bb16px\u00bb min_height=\u00bb279.4px\u00bb custom_margin=\u00bb-42px|||||\u00bb animation=\u00bboff\u00bb]<\/p>\n<p>Las mejores Becas, que podr\u00e1s encontrar en tu pa\u00eds y a nivel internacional<\/p>\n<p>[\/et_pb_blurb][et_pb_button button_url=\u00bbhttps:\/\/sudamericanoroeste.laiglesiadejesucristo.org\/recursos-de-educacion-y-empleo\/colombia\/educacion\/becas?lang=spa-pe\u00bb button_text=\u00bbVer m\u00e1s\u00bb button_alignment=\u00bbcenter\u00bb _builder_version=\u00bb4.9.4&#8243; custom_button=\u00bbon\u00bb button_text_size=\u00bb16px\u00bb button_text_color=\u00bb#ffffff\u00bb button_bg_color=\u00bb#007aff\u00bb button_border_width=\u00bb0px\u00bb button_border_radius=\u00bb100px\u00bb button_letter_spacing=\u00bb2px\u00bb button_font=\u00bbPT Sans|900||on|||||\u00bb button_use_icon=\u00bboff\u00bb custom_margin_tablet=\u00bb40px||40px||true|false\u00bb custom_margin_last_edited=\u00bboff|tablet\u00bb custom_padding=\u00bb10px|20px|10px|20px|true|true\u00bb box_shadow_style=\u00bbpreset3&#8243; box_shadow_blur=\u00bb28px\u00bb box_shadow_spread=\u00bb-10px\u00bb box_shadow_color=\u00bbrgba(0,122,255,0.33)\u00bb locked=\u00bboff\u00bb box_shadow_color__hover=\u00bb#2585b2&#8243; box_shadow_blur__hover_enabled=\u00bboff\u00bb box_shadow_blur__hover=\u00bb20px\u00bb box_shadow_vertical__hover_enabled=\u00bboff\u00bb box_shadow_vertical__hover=\u00bb10px\u00bb][\/et_pb_button][\/et_pb_column][\/et_pb_row][\/et_pb_section][et_pb_section fb_built=\u00bb1&#8243; prev_background_color=\u00bb#ffffff\u00bb disabled_on=\u00bbon|on|on\u00bb _builder_version=\u00bb4.9.4&#8243; _module_preset=\u00bbdefault\u00bb background_color=\u00bb#f8f9fa\u00bb top_divider_style=\u00bbwave\u00bb disabled=\u00bbon\u00bb][et_pb_row _builder_version=\u00bb4.9.4&#8243; _module_preset=\u00bbdefault\u00bb custom_margin=\u00bb100px|auto||auto|false|false\u00bb][et_pb_column type=\u00bb4_4&#8243; _builder_version=\u00bb4.9.4&#8243; _module_preset=\u00bbdefault\u00bb][et_pb_text _builder_version=\u00bb4.9.4&#8243; header_2_font=\u00bbPlayfair Display|700|||||||\u00bb header_2_text_align=\u00bbcenter\u00bb header_2_font_size=\u00bb50px\u00bb header_2_line_height=\u00bb1.3em\u00bb header_text_align_tablet=\u00bbcenter\u00bb header_text_align_last_edited=\u00bboff|desktop\u00bb header_2_font_size_tablet=\u00bb32px\u00bb header_2_font_size_phone=\u00bb24px\u00bb header_2_font_size_last_edited=\u00bbon|phone\u00bb]<\/p>\n<h2>Recursos de inter\u00e9s<\/h2>\n<p>[\/et_pb_text][\/et_pb_column][\/et_pb_row][et_pb_row column_structure=\u00bb1_3,1_3,1_3&#8243; disabled_on=\u00bbon|on|on\u00bb _builder_version=\u00bb4.9.4&#8243; max_width=\u00bb1450px\u00bb custom_margin=\u00bb1px|auto||auto||\u00bb disabled=\u00bbon\u00bb][et_pb_column type=\u00bb1_3&#8243; _builder_version=\u00bb4.3.2&#8243; background_color=\u00bb#ffffff\u00bb custom_padding=\u00bb40px|40px|40px|40px|true|true\u00bb custom_padding_tablet=\u00bb|30px||30px|true|true\u00bb custom_padding_phone=\u00bb|20px||20px|true|true\u00bb custom_padding_last_edited=\u00bbon|desktop\u00bb border_radii=\u00bbon|10px|10px|10px|10px\u00bb box_shadow_style=\u00bbpreset1&#8243; box_shadow_color=\u00bbrgba(12,113,195,0.13)\u00bb][et_pb_blurb title=\u00bbOrientaci\u00f3n Vocacional\u00bb url=\u00bb\/educacionyempleo\/colombia\/recursos_de_educacio_category\/orientacion-vocacional\/\u00bb use_icon=\u00bbon\u00bb font_icon=\u00bb%%180%%\u00bb icon_color=\u00bb#007aff\u00bb icon_placement=\u00bbleft\u00bb _builder_version=\u00bb4.9.4&#8243; header_font=\u00bbPT Sans|700|||||||\u00bb header_text_color=\u00bb#2a3749&#8243; header_font_size=\u00bb16px\u00bb header_line_height=\u00bb1.9em\u00bb link_option_url=\u00bbhttps:\/\/www.cursosycarreras.co\/test_vocacional_orientacion_vocacional.php\u00bb][\/et_pb_blurb][et_pb_blurb title=\u00bbBecas\u00bb url=\u00bb\/educacionyempleo\/colombia\/recursos_de_educacio_category\/becas\/\u00bb use_icon=\u00bbon\u00bb font_icon=\u00bb%%180%%\u00bb icon_color=\u00bb#007aff\u00bb icon_placement=\u00bbleft\u00bb _builder_version=\u00bb4.9.4&#8243; header_font=\u00bbPT Sans|700|||||||\u00bb header_text_color=\u00bb#2a3749&#8243; header_font_size=\u00bb16px\u00bb header_line_height=\u00bb1.9em\u00bb link_option_url=\u00bbhttps:\/\/becascolombia.co\/\u00bb][\/et_pb_blurb][et_pb_blurb title=\u00bbInstituciones Gratuitas\u00bb url=\u00bb\/educacionyempleo\/colombia\/recursos_de_educacio_category\/instituciones-gratuitas\/\u00bb use_icon=\u00bbon\u00bb font_icon=\u00bb%%180%%\u00bb icon_color=\u00bb#007aff\u00bb icon_placement=\u00bbleft\u00bb _builder_version=\u00bb4.9.4&#8243; header_font=\u00bbPT Sans|700|||||||\u00bb header_text_color=\u00bb#2a3749&#8243; header_font_size=\u00bb16px\u00bb header_line_height=\u00bb1.9em\u00bb link_option_url=\u00bbhttps:\/\/especiales.colombiaaprende.edu.co\/generacione\/\u00bb][\/et_pb_blurb][et_pb_blurb title=\u00bbPr\u00e9stamos Educativos\u00bb url=\u00bb\/educacionyempleo\/colombia\/recursos_de_educacio_category\/prestamos-educativos\/\u00bb use_icon=\u00bbon\u00bb font_icon=\u00bb%%180%%\u00bb icon_color=\u00bb#007aff\u00bb icon_placement=\u00bbleft\u00bb _builder_version=\u00bb4.9.4&#8243; header_font=\u00bbPT Sans|700|||||||\u00bb header_text_color=\u00bb#2a3749&#8243; header_font_size=\u00bb16px\u00bb header_line_height=\u00bb1.9em\u00bb link_option_url=\u00bbhttps:\/\/www.rankia.co\/blog\/mejores-creditos-y-prestamos-colombia\/3875486-mejores-creditos-educativos-2021&#8243;][\/et_pb_blurb][et_pb_blurb title=\u00bbRanking de Universidades\u00bb url=\u00bbhttps:\/\/www.webometrics.info\/es\/latin_america_es\/colombia\u00bb use_icon=\u00bbon\u00bb font_icon=\u00bb%%180%%\u00bb icon_color=\u00bb#007aff\u00bb icon_placement=\u00bbleft\u00bb _builder_version=\u00bb4.9.4&#8243; header_font=\u00bbPT Sans|700|||||||\u00bb header_text_color=\u00bb#2a3749&#8243; header_font_size=\u00bb16px\u00bb header_line_height=\u00bb1.9em\u00bb link_option_url=\u00bbhttps:\/\/www.webometrics.info\/es\/latin_america_es\/colombia\u00bb][\/et_pb_blurb][\/et_pb_column][et_pb_column type=\u00bb1_3&#8243; _builder_version=\u00bb4.3.2&#8243; background_color=\u00bb#ffffff\u00bb custom_padding=\u00bb40px|40px|40px|40px|true|true\u00bb custom_padding_tablet=\u00bb|30px||30px|true|true\u00bb custom_padding_phone=\u00bb|20px||20px|true|true\u00bb custom_padding_last_edited=\u00bbon|desktop\u00bb border_radii=\u00bbon|10px|10px|10px|10px\u00bb box_shadow_style=\u00bbpreset1&#8243; box_shadow_color=\u00bbrgba(12,113,195,0.13)\u00bb][et_pb_blurb title=\u00bbVacantes del d\u00eda\u00bb url=\u00bbhttps:\/\/iglesiajesucristosano.org\/educacionyempleo\/colombia\/empleos\/\u00bb use_icon=\u00bbon\u00bb font_icon=\u00bb%%180%%\u00bb icon_color=\u00bb#007aff\u00bb icon_placement=\u00bbleft\u00bb _builder_version=\u00bb4.9.4&#8243; header_font=\u00bbPT Sans|700|||||||\u00bb header_text_color=\u00bb#2a3749&#8243; header_font_size=\u00bb16px\u00bb header_line_height=\u00bb1.9em\u00bb][\/et_pb_blurb][et_pb_blurb title=\u00bbTest de habilidades laborales\u00bb url=\u00bb\/educacionyempleo\/colombia\/recursos_de_empleo_category\/test-de-habilidades-laborales\/\u00bb use_icon=\u00bbon\u00bb font_icon=\u00bb%%180%%\u00bb icon_color=\u00bb#007aff\u00bb icon_placement=\u00bbleft\u00bb _builder_version=\u00bb4.9.4&#8243; header_font=\u00bbPT Sans|700|||||||\u00bb header_text_color=\u00bb#2a3749&#8243; header_font_size=\u00bb16px\u00bb header_line_height=\u00bb1.9em\u00bb link_option_url=\u00bbhttps:\/\/www.computrabajo.com.co\/test-aptitudes\/\u00bb][\/et_pb_blurb][et_pb_blurb title=\u00bbPreparaci\u00f3n de Curr\u00edculum Vitae\u00bb url=\u00bb\/educacionyempleo\/colombia\/recursos_de_empleo_category\/preparacion-de-curriculum-vitae\/\u00bb use_icon=\u00bbon\u00bb font_icon=\u00bb%%180%%\u00bb icon_color=\u00bb#007aff\u00bb icon_placement=\u00bbleft\u00bb _builder_version=\u00bb4.9.4&#8243; header_font=\u00bbPT Sans|700|||||||\u00bb header_text_color=\u00bb#2a3749&#8243; header_font_size=\u00bb16px\u00bb header_line_height=\u00bb1.9em\u00bb link_option_url=\u00bbhttps:\/\/www.cvmaker.pe\/?gclid=Cj0KCQjws4aKBhDPARIsAIWH0JWaBrKMi6oOWX1SHHIaWiQKMHiBYF00rusHc8DEvHBptveh_Ydzlb4aAj94EALw_wcB\u00bb][\/et_pb_blurb][\/et_pb_column][et_pb_column type=\u00bb1_3&#8243; _builder_version=\u00bb4.3.2&#8243; background_color=\u00bb#ffffff\u00bb custom_padding=\u00bb40px|40px|40px|40px|true|true\u00bb custom_padding_tablet=\u00bb|30px||30px|true|true\u00bb custom_padding_phone=\u00bb|20px||20px|true|true\u00bb custom_padding_last_edited=\u00bbon|desktop\u00bb border_radii=\u00bbon|10px|10px|10px|10px\u00bb box_shadow_style=\u00bbpreset1&#8243; box_shadow_color=\u00bbrgba(12,113,195,0.13)\u00bb][et_pb_blurb title=\u00bbAsesoramiento\u00bb url=\u00bbhttps:\/\/iglesiajesucristosano.org\/educacionyempleo\/colombia\/recursos_de_emprendi_category\/asesoramiento\/\u00bb use_icon=\u00bbon\u00bb font_icon=\u00bb%%180%%\u00bb icon_color=\u00bb#007aff\u00bb icon_placement=\u00bbleft\u00bb _builder_version=\u00bb4.9.4&#8243; header_font=\u00bbPT Sans|700|||||||\u00bb header_text_color=\u00bb#2a3749&#8243; header_font_size=\u00bb16px\u00bb header_line_height=\u00bb1.9em\u00bb][\/et_pb_blurb][et_pb_blurb title=\u00bbFuentes de Financiamiento \u00bb url=\u00bbhttps:\/\/iglesiajesucristosano.org\/educacionyempleo\/colombia\/recursos_de_emprendi_category\/fuentes-de-financiamiento\/\u00bb use_icon=\u00bbon\u00bb font_icon=\u00bb%%180%%\u00bb icon_color=\u00bb#007aff\u00bb icon_placement=\u00bbleft\u00bb _builder_version=\u00bb4.9.4&#8243; header_font=\u00bbPT Sans|700|||||||\u00bb header_text_color=\u00bb#2a3749&#8243; header_font_size=\u00bb16px\u00bb header_line_height=\u00bb1.9em\u00bb][\/et_pb_blurb][et_pb_blurb title=\u00bbEventos y Oportunidades\u00bb url=\u00bbhttps:\/\/iglesiajesucristosano.org\/educacionyempleo\/colombia\/recursos_de_emprendi_category\/eventos-y-oportunidades\/\u00bb use_icon=\u00bbon\u00bb font_icon=\u00bb%%180%%\u00bb icon_color=\u00bb#007aff\u00bb icon_placement=\u00bbleft\u00bb _builder_version=\u00bb4.9.4&#8243; header_font=\u00bbPT Sans|700|||||||\u00bb header_text_color=\u00bb#2a3749&#8243; header_font_size=\u00bb16px\u00bb header_line_height=\u00bb1.9em\u00bb][\/et_pb_blurb][\/et_pb_column][\/et_pb_row][\/et_pb_section]<\/p>\n","protected":false},"excerpt":{"rendered":"<p>[et_pb_section fb_built=\u00bb1&#8243; _builder_version=\u00bb4.9.4&#8243; _module_preset=\u00bbdefault\u00bb background_color=\u00bb#f8f9fa\u00bb custom_margin=\u00bb||||false|false\u00bb custom_padding=\u00bb10px||10px||false|false\u00bb bottom_divider_height=\u00bb200px\u00bb bottom_divider_repeat=\u00bb1.2x\u00bb][et_pb_row _builder_version=\u00bb4.9.4&#8243; _module_preset=\u00bbdefault\u00bb max_width=\u00bb1200px\u00bb custom_padding=\u00bb0px||14px||false|false\u00bb][et_pb_column type=\u00bb4_4&#8243; _builder_version=\u00bb4.9.4&#8243; _module_preset=\u00bbdefault\u00bb][et_pb_text _builder_version=\u00bb4.9.4&#8243; _module_preset=\u00bbdefault\u00bb text_font=\u00bbPT Sans||||||||\u00bb text_text_color=\u00bb#007aff\u00bb text_font_size=\u00bb18px\u00bb text_orientation=\u00bbcenter\u00bb text_orientation_tablet=\u00bbcenter\u00bb text_orientation_phone=\u00bb\u00bb text_orientation_last_edited=\u00bbon|phone\u00bb]\u00a1Contamos con m\u00e1s de recursos disponibles para ti![\/et_pb_text][\/et_pb_column][\/et_pb_row][et_pb_row _builder_version=\u00bb4.9.4&#8243; _module_preset=\u00bbdefault\u00bb max_width=\u00bb1600px\u00bb][et_pb_column type=\u00bb4_4&#8243; _builder_version=\u00bb4.9.4&#8243; _module_preset=\u00bbdefault\u00bb][et_pb_slider use_bg_overlay=\u00bbon\u00bb bg_overlay_color=\u00bbrgba(58,58,58,0.52)\u00bb use_text_overlay=\u00bboff\u00bb _builder_version=\u00bb4.9.4&#8243; _module_preset=\u00bbdefault\u00bb header_font=\u00bbPlayfair Display||||||||\u00bb header_text_color=\u00bb#000000&#8243; body_font=\u00bbPlayfair Display||||||||\u00bb body_font_size=\u00bb16px\u00bb body_letter_spacing=\u00bb2px\u00bb auto=\u00bbon\u00bb border_radii=\u00bbon|8px|8px|8px|8px\u00bb box_shadow_style=\u00bbpreset3&#8243; box_shadow_spread=\u00bb1px\u00bb][et_pb_slide [&hellip;]<\/p>\n","protected":false},"author":1,"featured_media":0,"parent":0,"menu_order":0,"comment_status":"closed","ping_status":"closed","template":"","meta":{"_et_pb_use_builder":"on","_et_pb_old_content":"","_et_gb_content_width":"","footnotes":""},"class_list":["post-293","page","type-page","status-publish","hentry"],"_links":{"self":[{"href":"https:\/\/iglesiajesucristosano.org\/educacionyempleo\/colombia\/wp-json\/wp\/v2\/pages\/293","targetHints":{"allow":["GET"]}}],"collection":[{"href":"https:\/\/iglesiajesucristosano.org\/educacionyempleo\/colombia\/wp-json\/wp\/v2\/pages"}],"about":[{"href":"https:\/\/iglesiajesucristosano.org\/educacionyempleo\/colombia\/wp-json\/wp\/v2\/types\/page"}],"author":[{"embeddable":true,"href":"https:\/\/iglesiajesucristosano.org\/educacionyempleo\/colombia\/wp-json\/wp\/v2\/users\/1"}],"replies":[{"embeddable":true,"href":"https:\/\/iglesiajesucristosano.org\/educacionyempleo\/colombia\/wp-json\/wp\/v2\/comments?post=293"}],"version-history":[{"count":50,"href":"https:\/\/iglesiajesucristosano.org\/educacionyempleo\/colombia\/wp-json\/wp\/v2\/pages\/293\/revisions"}],"predecessor-version":[{"id":7108,"href":"https:\/\/iglesiajesucristosano.org\/educacionyempleo\/colombia\/wp-json\/wp\/v2\/pages\/293\/revisions\/7108"}],"wp:attachment":[{"href":"https:\/\/iglesiajesucristosano.org\/educacionyempleo\/colombia\/wp-json\/wp\/v2\/media?parent=293"}],"curies":[{"name":"wp","href":"https:\/\/api.w.org\/{rel}","templated":true}]}}